{"id":1398,"date":"2018-02-15T10:55:22","date_gmt":"2018-02-15T10:55:22","guid":{"rendered":"http:\/\/calidadensenanza.es\/index.html\/?page_id=1398"},"modified":"2018-04-30T12:14:49","modified_gmt":"2018-04-30T12:14:49","slug":"politica-privacidad","status":"publish","type":"page","link":"https:\/\/calidadensenanza.es\/index.html\/politica-privacidad\/","title":{"rendered":"Pol\u00edtica de Privacidad"},"content":{"rendered":"<div class=\"wpb-content-wrapper\"><p style=\"text-align: justify;\">[vc_row][vc_column][vc_column_text]\n<p style=\"text-align: justify;\"><strong>Te damos la bienvenida a esta web y agradecemos que sigas leyendo.<\/strong><\/p>\n<p>La confidencialidad y la seguridad son valores primordiales de <strong>Calidad en la Ense\u00f1anza<\/strong><strong>,<\/strong>\u00a0<strong>S.L.<\/strong> y, en consecuencia, asumimos el compromiso de garantizar la privacidad del Usuario en todo momento y de no recabar informaci\u00f3n innecesaria. A continuaci\u00f3n, le proporcionamos toda la informaci\u00f3n necesaria sobre nuestra Pol\u00edtica de Privacidad en relaci\u00f3n con los datos personales que recabamos, explic\u00e1ndole:<\/p>\n<ul>\n<li>Qui\u00e9n es el responsable del tratamiento de sus datos.<\/li>\n<li>Para qu\u00e9 finalidades recabamos los datos que le solicitamos.<\/li>\n<li>Cu\u00e1l es la base jur\u00eddica _ legitimaci\u00f3n_ para su tratamiento: Consentimiento<\/li>\n<li>Plazo de Conservaci\u00f3n de sus datos personales<\/li>\n<li>En caso de Cesi\u00f3n: A qu\u00e9 destinatarios se comunican sus datos.<\/li>\n<li>Cu\u00e1les son sus derechos.<\/li>\n<\/ul>\n<ol>\n<li><strong> Derecho de informaci\u00f3n.<\/strong><\/li>\n<\/ol>\n<p>La presente pol\u00edtica de protecci\u00f3n de datos regula el acceso y el uso del servicio del sitio Web <a href=\"http:\/\/calidadensenanza.es\">calidadensenanza.es<\/a>\u00a0que\u00a0 <strong>Calidad en la Ense\u00f1anza<\/strong><strong>,<\/strong>\u00a0<strong>S.L.<\/strong> \u00a0pone a disposici\u00f3n de los usuarios de Internet interesados en sus servicios y contenidos.<\/p>\n<p>De conformidad con lo establecido por la REGLAMENTO (UE) 2016\/679 DEL PARLAMENTO EUROPEO Y DEL CONSEJO de 27 de abril de 2016 relativo a la protecci\u00f3n de las personas f\u00edsicas en lo que respecta al tratamiento de datos personales y a la libre circulaci\u00f3n de estos datos, resto de normativa actualmente vigente, <strong>Calidad en la Ense\u00f1anza<\/strong><strong>,<\/strong>\u00a0<strong>S.L.<\/strong>, titular del sitio Web, informa al usuario de este sitio de la existencia de una base de datos de car\u00e1cter personal creada por <strong>Calidad en la Ense\u00f1anza<\/strong><strong>,<\/strong>\u00a0<strong>S.L.<\/strong> bajo su responsabilidad.<\/p>\n<p>Esta p\u00e1gina Web se rige por la normativa exclusivamente aplicable en Espa\u00f1a, quedando sometida a ella, tanto nacionales como extranjeros que utilicen esta Web, y en adelante a la Ley 34\/2002, de 11 de Julio, de Servicios de la Sociedad de la Informaci\u00f3n y de Comercio Electr\u00f3nico y al REGLAMENTO (UE) 2016\/679 DEL PARLAMENTO EUROPEO Y DEL CONSEJO de 27 de abril de 2016 relativo a la protecci\u00f3n de las personas f\u00edsicas en lo que respecta al tratamiento de datos personales y a la libre circulaci\u00f3n de estos datos, resto de normativa actualmente vigente.<\/p>\n<p>El acceso a nuestra p\u00e1gina Web por parte del USUARIO es gratuito y est\u00e1 condicionado a la previa lectura y aceptaci\u00f3n \u00cdntegra, expresa y sin reservas de las presentes CONDICIONES GENERALES DE USO vigentes en el momento del acceso, que rogamos lea detenidamente.<\/p>\n<p>Los usuarios garantizan y responden, en cualquier caso, de la veracidad, exactitud, autenticidad y vigencia de los datos personales facilitados.<\/p>\n<p>El suministro de datos personales a trav\u00e9s de nuestro portal requiere una edad m\u00ednima de 14 a\u00f1os, en virtud de la legislaci\u00f3n en materia de Protecci\u00f3n de Datos Personales Vigente.<\/p>\n<p>En cualquier momento podremos modificar la presentaci\u00f3n y configuraci\u00f3n de nuestra Web, ampliar o reducir servicios, e incluso suprimirla de la Red, as\u00ed como los servicios y contenidos prestados, todo ello de forma unilateral y sin previo aviso.<\/p>\n<p><strong>Obligaci\u00f3n de facilitarnos sus datos personales y consecuencias de no hacerlo.<\/strong><\/p>\n<p>El suministro de datos personales requiere una edad m\u00ednima de 14 a\u00f1os, o en su caso, disponer de capacidad jur\u00eddica suficiente para contratar.<\/p>\n<p>Los datos personales solicitados son necesarios para gestionar sus solicitudes y\/o prestarle los servicios asociados a la actividad comercial y administrativa de <strong>Calidad en la Ense\u00f1anza<\/strong><strong>,<\/strong>\u00a0<strong>S.L.<\/strong>, por lo que, si no nos los facilita, no podremos atenderle correctamente ni prestarle el servicio que ha solicitado.<\/p>\n<ol start=\"2\">\n<li><strong> Responsable del Tratamiento de Protecci\u00f3n de Datos Personales<\/strong><\/li>\n<\/ol>\n<p>En cumplimiento del art\u00edculo 10 de la Ley 34\/2002, del 11 de julio, de servicios de la Sociedad de la Informaci\u00f3n y Comercio Electr\u00f3nico (LSSICE) y del art\u00edculo 13 del RGPD 2016\/679 DEL PARLAMENTO EUROPEO Y DEL CONSEJO de 27 de abril de 2016 relativo a la protecci\u00f3n de las personas f\u00edsicas en lo que respecta al tratamiento de datos personales y a la libre circulaci\u00f3n de estos datos, se exponen a continuaci\u00f3n los datos identificativos de la entidad:<\/p>\n<p>Esta p\u00e1gina Web es propiedad de <strong>Calidad en la Ense\u00f1anza<\/strong><strong>,<\/strong>\u00a0<strong>S.L.<\/strong>, Responsable del Tratamiento de sus datos personales<\/p>\n<p><strong>Calidad en la Ense\u00f1anza,<\/strong>\u00a0<strong>S.L.<\/strong>, con NIF n\u00ba B98864572\u00a0y domicilio en Plaza Miquel Asins Arbo, 9 \u2013 Bajo. 46013 &#8211; Valencia, e Inscrita en el Registro Mercantil de V174165, Tomo 10222, Folio 7504. Tel\u00e9fono: 91 186 06 80; e-mail <a href=\"mailto:info@calidadensenanza.es\">info@calidadensenanza.es<\/a><\/p>\n<ol start=\"3\">\n<li><strong> Finalidad<\/strong><\/li>\n<\/ol>\n<p>Los datos de los usuarios registrados a trav\u00e9s de los formularios habilitados al efecto en el sitio Web, son recabados por <strong>Calidad en la Ense\u00f1anza<\/strong><strong>,<\/strong>\u00a0<strong>S.L.\u00a0<\/strong>con la finalidad de facilitar la prestaci\u00f3n de los servicios que <strong>Calidad en la Ense\u00f1anza<\/strong><strong>,<\/strong>\u00a0<strong>S.L.\u00a0<\/strong>proporciona a trav\u00e9s de dicho sitio Web.<\/p>\n<p>En el supuesto de darse de alta en nuestra bolsa de empleo (en su caso) el usuario acepta el tratamiento de dichos datos as\u00ed como la cesi\u00f3n a cualquiera de las entidades asociadas que participan en la bolsa de empleo de <strong>Calidad en la Ense\u00f1anza<\/strong><strong>,<\/strong>\u00a0<strong>S.L.<\/strong>, siempre cumpliendo la normativa de protecci\u00f3n de datos.<\/p>\n<p><strong>SI EMPLEA EN SU P\u00c1GINA WEB UN \u00c1REA PARA LOS EMPLEADOS O CON CLIENTES:<\/strong> Con el alta en el \u201c\u00c1rea Clientes\u201d el usuario se compromete a mantener su contrase\u00f1a en secreto y a protegerla de usos no autorizados por terceros. El usuario deber\u00e1 notificar a <strong>Calidad en la Ense\u00f1anza<\/strong><strong>,<\/strong>\u00a0<strong>S.L.<\/strong> inmediatamente cualquier uso no consentido de su contrase\u00f1a o cualquier <strong>violaci\u00f3n de la seguridad <\/strong>de la que haya tenido conocimiento.<\/p>\n<p><strong><u>FORMULARIO DE CONTACTO.<\/u><\/strong><\/p>\n<p><strong>Finalidad:<\/strong> Facilitarle un medio para que pueda ponerse en contacto con nosotros y contestar a sus solicitudes de informaci\u00f3n, as\u00ed como enviarle comunicaciones de nuestros productos, servicios y actividades, inclusive por medios electr\u00f3nicos (Correo electr\u00f3nico, SMS, WhatsApp), si marca la casilla de aceptaci\u00f3n.<\/p>\n<p><strong>Base Jur\u00eddica:<\/strong> El consentimiento del usuario al solicitarnos informaci\u00f3n a trav\u00e9s de nuestro formulario de contactos y al marcar la casilla de aceptaci\u00f3n de env\u00edo de informaci\u00f3n.<\/p>\n<p><strong>Conservaci\u00f3n: <\/strong>Una vez resulta su solicitud por medio de nuestro formulario o contestada por correo electr\u00f3nico, si no ha generado un nuevo tratamiento, y en caso de haber aceptado recibir env\u00edos comerciales, hasta que solicite la baja de los mismos.<\/p>\n<p><strong><u>ENV\u00cdO DE CORREOS ELECTR\u00d3NICOS.<\/u><\/strong><\/p>\n<p><strong>Finalidad:<\/strong> Contestar a sus solicitudes de informaci\u00f3n sobre nuestra actividad y producci\u00f3n, pedidos, sugerencias y reclamaciones y responder sus consultas o dudas sobre los mismos.<\/p>\n<p><strong>Base Jur\u00eddica: <\/strong>El consentimiento del usuario al solicitarnos informaci\u00f3n a trav\u00e9s de la direcci\u00f3n de correo electr\u00f3nico.<\/p>\n<p><strong>Conservaci\u00f3n:<\/strong> Una vez resulta contestada su petici\u00f3n por correo electr\u00f3nico, si no ha generado un nuevo tratamiento.<\/p>\n<p><strong><u>ENV\u00cdO DEL CURR\u00cdCULUM VITAE POR CORREO ELECTR\u00d3NICO.<\/u><\/strong><\/p>\n<p><strong>Finalidad: <\/strong>Disponer de su curr\u00edculum para participar en nuestros procesos de selecci\u00f3n de personal.<\/p>\n<p><strong>Base Jur\u00eddica:<\/strong> El consentimiento del usuario al remitirnos su informaci\u00f3n personal y curr\u00edculum para nuestros procesos de selecci\u00f3n de personal.<\/p>\n<p><strong>Conservaci\u00f3n:<\/strong> Durante el desarrollo de los procesos de selecci\u00f3n de personal abiertos y durante 1 a\u00f1o para futuros procesos.<\/p>\n<ol start=\"4\">\n<li><strong> Destinatarios de sus datos<\/strong><\/li>\n<\/ol>\n<p>Sus datos son confidenciales y no se ceder\u00e1n a terceros, salvo que exista obligaci\u00f3n legal.<\/p>\n<ol start=\"5\">\n<li><strong> Derechos en relaci\u00f3n con sus datos personales<\/strong><\/li>\n<\/ol>\n<p>Cualquier persona puede retirar su consentimiento en cualquier momento, cuando el mismo se haya otorgado para el tratamiento de sus datos. En ning\u00fan caso, la retirada de este consentimiento condiciona la ejecuci\u00f3n del contrato de suscripci\u00f3n o las relaciones generadas con anterioridad.<\/p>\n<p>Igualmente, puede ejercer los siguientes derechos:<\/p>\n<ul>\n<li>Solicitar el acceso a sus datos personales o su rectificaci\u00f3n cuando sean inexactos.<\/li>\n<li>Solicitar su supresi\u00f3n cuando, entre otros motivos, los datos ya no sean necesarios para los fines para los que fueron recogidos.<\/li>\n<li>Solicitar la limitaci\u00f3n de su tratamiento en determinadas circunstancias.<\/li>\n<li>Solicitar la oposici\u00f3n al tratamiento de sus datos por motivos relacionados con su situaci\u00f3n particular.<\/li>\n<li>Solicitar la portabilidad de los datos en los casos previstos en la normativa.<\/li>\n<li>Otros derechos reconocidos en las normativas aplicables.<\/li>\n<\/ul>\n<p>D\u00f3nde y c\u00f3mo solicitar sus Derechos: Mediante un escrito dirigido al responsable a su direcci\u00f3n postal o electr\u00f3nica (indicadas en el apartado A), indicando la referencia \u201cDatos Personales\u201d, especificando el derecho que se quiere ejercer y respecto a qu\u00e9 datos personales.<\/p>\n<p>En caso de divergencias con la empresa en relaci\u00f3n con el tratamiento de sus datos, puede presentar una reclamaci\u00f3n ante la Autoridad de Protecci\u00f3n de Datos (<a href=\"http:\/\/www.agpd.es\/\">www.agpd.es<\/a>).<\/p>\n<ol start=\"6\">\n<li><strong> Seguridad de sus datos personales<\/strong><\/li>\n<\/ol>\n<p>Con el objetivo de salvaguardar la seguridad de sus datos personales, le informamos que hemos adoptado todas las medidas de \u00edndole t\u00e9cnica y organizativa necesarias para garantizar la seguridad de los datos personales suministrados de su alteraci\u00f3n, p\u00e9rdida, y tratamientos o accesos no autorizados.<\/p>\n<ol start=\"7\">\n<li><strong> Actualizaci\u00f3n de sus datos<\/strong><\/li>\n<\/ol>\n<p>Es importante que para que podamos mantener sus datos personales actualizados, nos informe siempre que haya habido alguna modificaci\u00f3n en ellos, en caso contrario, no respondemos de la veracidad de los mismos.<\/p>\n<p>No nos hacemos responsables de la pol\u00edtica de privacidad respecto a los datos personales que pueda facilitar a terceros por medio de los enlaces disponibles en nuestra p\u00e1gina web.<\/p>\n<p>La presente Pol\u00edtica de Privacidad puede ser modificada para adaptarlas a los cambios que se produzca en nuestra web, as\u00ed como modificaciones legislativas o jurisprudenciales sobre datos personales que vayan apareciendo, por lo que exige su lectura, cada vez que nos facilite sus datos a trav\u00e9s de esta Web.<\/p>\n<ol start=\"8\">\n<li><strong> Cookies<\/strong><\/li>\n<\/ol>\n<p>Las cookies son breves informaciones que se env\u00edan y almacenan en el disco duro del ordenador del usuario a trav\u00e9s de su navegador cuando \u00e9ste se conecta a una web. Las cookies se pueden utilizar para recabar y almacenar datos del usuario mientras est\u00e1 conectado para facilitarle los servicios solicitados y que no se suelen conservar (Cookies de sesi\u00f3n), o para conservar los datos del usuario para otro tipo de servicios futuros y que se pueden conservar por tiempo indefinido (Cookies persistentes). Las cookies pueden ser propias o de terceros.<\/p>\n<p><strong>Calidad en la Ense\u00f1anza,<\/strong>\u00a0<strong>S.L.\u00a0<\/strong>le invita a acceder al siguiente enlace: <a href=\"http:\/\/www.iabspain.net\/privacidadeninternet\/usuario\">http:\/\/www.iabspain.net\/privacidadeninternet\/usuario<\/a>.<\/p>\n<p>Existen varios tipos de cookies:<\/p>\n<ul>\n<li><strong>Cookies t\u00e9cnicas<\/strong> que facilitan la navegaci\u00f3n del usuario y la utilizaci\u00f3n de las diferentes opciones o servicios que ofrece la web como identificar la sesi\u00f3n, permitir el acceso a determinadas \u00e1reas, facilitar pedidos, compras, cumplimentaci\u00f3n de formularios, inscripciones, seguridad, facilitar funcionalidades (v\u00eddeos, redes sociales\u2026).<\/li>\n<li><strong>Cookies de personalizaci\u00f3n<\/strong> que permiten al usuario acceder a los servicios seg\u00fan sus preferencias (idioma, navegador, configuraci\u00f3n\u2026).<\/li>\n<li><strong>Cookies de an\u00e1lisis<\/strong> que permiten el an\u00e1lisis an\u00f3nimo del comportamiento de los usuarios de la web y que permiten medir la actividad del usuario y elaborar perfiles de navegaci\u00f3n con el fin objetivo de mejorar los sitios web.<\/li>\n<li><strong>Cookies publicitarias<\/strong> que permiten la gesti\u00f3n de los espacios publicitarios de la web.<\/li>\n<li><strong>Cookies de publicidad<\/strong> personalizada que permiten la gesti\u00f3n de los espacios publicitarios de la web en base al comportamiento y h\u00e1bitos de navegaci\u00f3n de usuario, de donde se obtiene su perfil y permiten personalizar la publicidad que se muestra en el navegador del usuario.<\/li>\n<\/ul>\n<p><strong>Calidad en la Ense\u00f1anza,<\/strong>\u00a0<strong>S.L.<\/strong> utiliza cookies t\u00e9cnicas, de personalizaci\u00f3n y de an\u00e1lisis, propias y de terceros, que en ning\u00fan caso tratan datos de car\u00e1cter personal, pero captan h\u00e1bitos de navegaci\u00f3n para fines estad\u00edsticos.<\/p>\n<p>Por ello, al acceder a nuestra web, en cumplimiento del art\u00edculo 22 de la Ley de Servicios de la Sociedad de la Informaci\u00f3n le hemos solicitado su consentimiento para su uso.<\/p>\n<p>De todas formas, le informamos que puede activar o desactivar y estas cookies siguiendo las instrucciones de su navegador de Internet:<\/p>\n<ul>\n<li><strong>Chrome:<\/strong> Configuraci\u00f3n -&gt; Mostrar opciones avanzadas -&gt; Privacidad -&gt; Configuraci\u00f3n de contenido.<\/li>\n<li><strong>Firefox:<\/strong> Herramientas -&gt; Opciones -&gt; Privacidad -&gt; Historial -&gt; Configuraci\u00f3n Personalizada.<\/li>\n<li><strong>Internet Explorer:<\/strong> Herramientas -&gt; Opciones de Internet -&gt; Privacidad -&gt; Configuraci\u00f3n.<\/li>\n<li><strong>Safari:<\/strong> Preferencias -&gt; Seguridad.<\/li>\n<li><strong>Opera:<\/strong> Herramientas -&gt; Preferencias -&gt; Editar preferencias &gt; Cookies<\/li>\n<li><strong>Edge:<\/strong> Configuraci\u00f3n -&gt; Ver configuraci\u00f3n avanzada -&gt; Privacidad y servicios -&gt; Cookies<\/li>\n<\/ul>\n<p>Para m\u00e1s informaci\u00f3n, puede consultar en la Ayuda de su navegador o en las p\u00e1ginas de soporte de los mismos:<\/p>\n<ul>\n<li><strong>Chrome:<\/strong>\u00a0<a href=\"https:\/\/www.lant-abogados.com\/Users\/javierdelamora\/Desktop\/CLUB%20PORSCHE\/support.google.com\">google.com<\/a><\/li>\n<li><strong>FireFox:<\/strong>\u00a0<a href=\"https:\/\/www.lant-abogados.com\/Users\/javierdelamora\/Desktop\/CLUB%20PORSCHE\/support.mozilla.org\">mozilla.org<\/a><\/li>\n<li><strong>Internet Explorer:<\/strong>\u00a0<a href=\"https:\/\/www.lant-abogados.com\/Users\/javierdelamora\/Desktop\/CLUB%20PORSCHE\/windows.microsoft.com\">microsoft.com<\/a><\/li>\n<li><strong>Safari:<\/strong>\u00a0<a href=\"http:\/\/www.apple.com\/\">http:\/\/www.apple.com<\/a><\/li>\n<li><strong>Opera:<\/strong>\u00a0<a href=\"http:\/\/www.opera.com\/help\/tutorials\/security\/cookies\/\">http:\/\/www.opera.com\/help\/tutorials\/security\/cookies\/<\/a><\/li>\n<li><strong>Edge:<\/strong>\u00a0<a href=\"https:\/\/privacy.microsoft.com\/es-es\/windows-10-microsoft-edge-and-privacy\">https:\/\/privacy.microsoft.com\/es-es\/windows-10-microsoft-edge-and-privacy<\/a><\/li>\n<\/ul>\n<p><strong>Calidad en la Ense\u00f1anza,<\/strong>\u00a0<strong>S.L.<\/strong> no se hace responsable del contenido y veracidad de las pol\u00edticas de privacidad de los terceros incluidas en esta pol\u00edtica de cookies.<\/p>\n<ol start=\"9\">\n<li><strong> Modificaci\u00f3n de la presente pol\u00edtica de privacidad<\/strong><\/li>\n<\/ol>\n<p><strong>Calidad en la Ense\u00f1anza,<\/strong>\u00a0<strong>S.L.\u00a0<\/strong>se reserva el derecho de modificar la presente pol\u00edtica para adaptarla a los cambios legislativos o de jurisprudencia que se originen en un futuro.<\/p>\n<p><strong>\u00a0<\/strong><strong>CONDICIONES DE ACCESO Y USO<\/strong><\/p>\n<p>El acceso a nuestra p\u00e1gina Web es gratuito y no exige previa suscripci\u00f3n o registro. Sin embargo, determinados servicios como la solicitud de informaci\u00f3n o la contrataci\u00f3n de servicios online requieren facilitar datos personales mediante la cumplimentaci\u00f3n de formularios. <em>Tambi\u00e9n hay ciertos servicios que son de acceso restringido a determinados usuarios y requieren haber realizado un proceso de registro y la identificaci\u00f3n mediante contrase\u00f1as. Estos servicios quedar\u00e1n debidamente identificados en la Web.<\/em><\/p>\n<p>El env\u00edo de datos personales implica la aceptaci\u00f3n expresa por parte del USUARIO de nuestra pol\u00edtica de privacidad (Consentimiento del Usuario)<\/p>\n<p>El usuario debe acceder a nuestra p\u00e1gina Web conforme a la buena fe, las normas de orden p\u00fablico y a las presentes Condiciones Generales de uso. El acceso a nuestro sitio Web se realiza bajo la propia y exclusiva responsabilidad del usuario, que responder\u00e1 en todo caso de los da\u00f1os y perjuicios que pueda causar a terceros o a nosotros mismos.<\/p>\n<p>El USUARIO tiene expresamente prohibido la utilizaci\u00f3n y obtenci\u00f3n de los servicios, productos y contenidos ofrecidos en la presente p\u00e1gina web, por procedimientos distintos a los estipulados en las presentes condiciones de uso, y en su caso en las condiciones particulares que regulen la adquisici\u00f3n de determinados productos.<\/p>\n<p>El USUARIO tiene prohibido cualquier tipo de acci\u00f3n sobre nuestro portal que origine una excesiva sobrecarga de funcionamiento a nuestros sistemas inform\u00e1ticos, as\u00ed como la introducci\u00f3n de virus, o instalaci\u00f3n de robots, o software que altere el normal funcionamiento de nuestra web, o en definitiva pueda causar da\u00f1os a nuestros sistemas inform\u00e1ticos.<\/p>\n<p>Teniendo en cuenta la imposibilidad de control respecto a la informaci\u00f3n, contenidos y servicios que contengan otras p\u00e1ginas web a los que se pueda acceder a trav\u00e9s de los enlaces que nuestra p\u00e1gina web pueda poner a su disposici\u00f3n, le comunicamos que <strong>Aula T\u00e9cnica Sanitaria<\/strong><strong>,<\/strong>\u00a0<strong>S.L.<\/strong>, queda eximida de cualquier responsabilidad por los da\u00f1os y perjuicios de toda clase que pudiesen derivar por la utilizaci\u00f3n de esas p\u00e1ginas web, ajenas a nuestra empresa, por parte del usuario.<\/p>\n<p><strong>Calidad en la Ense\u00f1anza,<\/strong>\u00a0<strong>S.L.\u00a0<\/strong>se reserva el derecho unilateral y sin preaviso de dar de baja a cualquier USUARIO que la organizaci\u00f3n entienda que ha vulnerado las condiciones que rigen el uso de nuestra p\u00e1gina web, sin que el USUARIO tenga derecho a reclamaci\u00f3n de ning\u00fan tipo por este tipo de acciones. Asimismo, se reserva el derecho de ejercitar las acciones legales oportunas contra aquellos que vulneren las presentes condiciones generales de uso, aceptando el USUARIO que la no iniciaci\u00f3n de estas acciones no constituye una renuncia formal a los mismas, permaneciendo \u00e9stas vigentes hasta los plazos legales de prescripci\u00f3n de las infracciones.<\/p>\n<p><em>Esta pol\u00edtica de privacidad ha sido actualizada por \u00faltima vez el 30\/04\/2018.<\/em><\/p>\n<p style=\"text-align: justify;\">[\/vc_column_text][\/vc_column][\/vc_row]\n<\/div>","protected":false},"excerpt":{"rendered":"<p>[vc_row][vc_column][vc_column_text] Te damos la bienvenida a esta web y agradecemos que sigas leyendo. La confidencialidad y la seguridad son valores primordiales de Calidad en la Ense\u00f1anza,\u00a0S.L. y, en consecuencia, asumimos el compromiso de garantizar la privacidad del Usuario en todo momento y de no recabar informaci\u00f3n innecesaria. A continuaci\u00f3n, le proporcionamos toda la informaci\u00f3n necesaria<\/p>\n","protected":false},"author":1,"featured_media":0,"parent":0,"menu_order":0,"comment_status":"closed","ping_status":"closed","template":"page-template-blank.php","meta":{"_et_pb_use_builder":"","_et_pb_old_content":"","_et_gb_content_width":"","footnotes":""},"class_list":["post-1398","page","type-page","status-publish","hentry"],"_links":{"self":[{"href":"https:\/\/calidadensenanza.es\/index.html\/wp-json\/wp\/v2\/pages\/1398","targetHints":{"allow":["GET"]}}],"collection":[{"href":"https:\/\/calidadensenanza.es\/index.html\/wp-json\/wp\/v2\/pages"}],"about":[{"href":"https:\/\/calidadensenanza.es\/index.html\/wp-json\/wp\/v2\/types\/page"}],"author":[{"embeddable":true,"href":"https:\/\/calidadensenanza.es\/index.html\/wp-json\/wp\/v2\/users\/1"}],"replies":[{"embeddable":true,"href":"https:\/\/calidadensenanza.es\/index.html\/wp-json\/wp\/v2\/comments?post=1398"}],"version-history":[{"count":7,"href":"https:\/\/calidadensenanza.es\/index.html\/wp-json\/wp\/v2\/pages\/1398\/revisions"}],"predecessor-version":[{"id":1633,"href":"https:\/\/calidadensenanza.es\/index.html\/wp-json\/wp\/v2\/pages\/1398\/revisions\/1633"}],"wp:attachment":[{"href":"https:\/\/calidadensenanza.es\/index.html\/wp-json\/wp\/v2\/media?parent=1398"}],"curies":[{"name":"wp","href":"https:\/\/api.w.org\/{rel}","templated":true}]}}